{"id":400,"date":"2019-03-04T12:43:27","date_gmt":"2019-03-04T11:43:27","guid":{"rendered":"https:\/\/www.vcvh.be\/?page_id=400"},"modified":"2026-03-18T20:34:13","modified_gmt":"2026-03-18T19:34:13","slug":"soutien-psychologique","status":"publish","type":"page","link":"https:\/\/www.vcvh.be\/fr\/nos-services\/soutien-psychologique\/","title":{"rendered":"Soutien psychologique"},"content":{"rendered":"<div id=\"pl-gb400-69f743089f153\"  class=\"panel-layout\" ><div id=\"pg-gb400-69f743089f153-0\"  class=\"panel-grid panel-has-style\"  data-style=\"{&quot;class&quot;:&quot;bannerpage&quot;,&quot;background_image_attachment&quot;:false,&quot;background_display&quot;:&quot;tile&quot;,&quot;full_height&quot;:&quot;&quot;,&quot;row_stretch&quot;:&quot;full-width-stretch&quot;,&quot;cell_alignment&quot;:&quot;flex-start&quot;}\" ><div class=\"bannerpage siteorigin-panels-stretch panel-row-style panel-row-style-for-gb400-69f743089f153-0\" data-stretch-type=\"full-width-stretch\" ><div id=\"pgc-gb400-69f743089f153-0-0\"  class=\"panel-grid-cell\"  data-weight=\"1\" ><div id=\"panel-gb400-69f743089f153-0-0-0\" class=\"so-panel widget widget_sow-editor panel-first-child\" data-index=\"0\" data-style=\"{&quot;background_image_attachment&quot;:false,&quot;background_display&quot;:&quot;tile&quot;}\" ><div\n\t\t\t\n\t\t\tclass=\"so-widget-sow-editor so-widget-sow-editor-base\"\n\t\t\t\n\t\t>\n<div class=\"siteorigin-widget-tinymce textwidget\">\n\t<div id=\"metaslider-id-139\" style=\"width: 100%;\" class=\"ml-slider-3-90-1 metaslider metaslider-flex metaslider-139 ml-slider ms-theme-default nav-hidden\" role=\"region\" aria-roledescription=\"Slideshow\" aria-label=\"Psychologische ondersteuning\">\n    <div id=\"metaslider_container_139\">\n        <div id=\"metaslider_139\">\n            <ul class='slides'>\n                <li style=\"display: block; width: 100%;\" class=\"slide-147 ms-image \" aria-roledescription=\"slide\" aria-label=\"slide-147\"><img loading=\"lazy\" decoding=\"async\" src=\"https:\/\/www.vcvh.be\/wp-content\/uploads\/2016\/06\/vcvh-psychologische-ondersteuning-1900x500.jpg\" height=\"500\" width=\"1900\" alt=\"\" class=\"slider-139 slide-147\" title=\"vcvh-psychologische-ondersteuning\" \/><\/li>\n            <\/ul>\n        <\/div>\n        \n    <\/div>\n<\/div>\n<\/div>\n<\/div><\/div><div id=\"panel-gb400-69f743089f153-0-0-1\" class=\"so-panel widget widget_sow-editor panel-last-child\" data-index=\"1\" data-style=\"{&quot;class&quot;:&quot;overlay&quot;,&quot;background_image_attachment&quot;:false,&quot;background_display&quot;:&quot;tile&quot;,&quot;background_image_size&quot;:&quot;full&quot;,&quot;background_image_opacity&quot;:&quot;100&quot;,&quot;border_thickness&quot;:&quot;1px&quot;}\" ><div class=\"overlay panel-widget-style panel-widget-style-for-gb400-69f743089f153-0-0-1\" ><div\n\t\t\t\n\t\t\tclass=\"so-widget-sow-editor so-widget-sow-editor-base\"\n\t\t\t\n\t\t>\n<div class=\"siteorigin-widget-tinymce textwidget\">\n\t<h1 style=\"text-align: center;\">Pour les probl\u00e8mes d\u2019ordre priv\u00e9 ou professionnel<br \/>\nqui entravent le bien-\u00eatre psychique<br \/>\n<\/h1>\n<\/div>\n<\/div><\/div><\/div><\/div><\/div><\/div><div id=\"pg-gb400-69f743089f153-1\"  class=\"panel-grid panel-has-style\"  data-style=\"{&quot;class&quot;:&quot;rij1_dienst rij1&quot;,&quot;background_image_attachment&quot;:false,&quot;background_display&quot;:&quot;tile&quot;,&quot;full_height&quot;:&quot;&quot;,&quot;cell_alignment&quot;:&quot;flex-start&quot;}\" ><div class=\"rij1_dienst rij1 panel-row-style panel-row-style-for-gb400-69f743089f153-1\" ><div id=\"pgc-gb400-69f743089f153-1-0\"  class=\"panel-grid-cell\"  data-style=\"{&quot;background_image_attachment&quot;:false,&quot;background_display&quot;:&quot;tile&quot;,&quot;vertical_alignment&quot;:&quot;auto&quot;}\"  data-weight=\"0.4\" ><div id=\"panel-gb400-69f743089f153-1-0-0\" class=\"so-panel widget widget_sow-editor panel-first-child panel-last-child\" data-index=\"2\" data-style=\"{&quot;background_image_attachment&quot;:false,&quot;background_display&quot;:&quot;tile&quot;,&quot;background_image_size&quot;:&quot;full&quot;,&quot;background_image_opacity&quot;:&quot;100&quot;,&quot;border_thickness&quot;:&quot;1px&quot;}\" ><div\n\t\t\t\n\t\t\tclass=\"so-widget-sow-editor so-widget-sow-editor-base\"\n\t\t\t\n\t\t>\n<div class=\"siteorigin-widget-tinymce textwidget\">\n\t<h2>Un soutien psychologique sur mesure<\/h2>\n<\/div>\n<\/div><\/div><\/div><div id=\"pgc-gb400-69f743089f153-1-1\"  class=\"panel-grid-cell\"  data-weight=\"0.6\" ><div id=\"panel-gb400-69f743089f153-1-1-0\" class=\"so-panel widget widget_sow-editor panel-first-child panel-last-child\" data-index=\"3\" data-style=\"{&quot;background_image_attachment&quot;:false,&quot;background_display&quot;:&quot;tile&quot;,&quot;background_image_size&quot;:&quot;full&quot;,&quot;background_image_opacity&quot;:&quot;100&quot;,&quot;border_thickness&quot;:&quot;1px&quot;}\" ><div\n\t\t\t\n\t\t\tclass=\"so-widget-sow-editor so-widget-sow-editor-base\"\n\t\t\t\n\t\t>\n<div class=\"siteorigin-widget-tinymce textwidget\">\n\t<p>Lorsque des probl\u00e8mes personnels persistent ou prennent des proportions importantes, il est rarement possible de s\u00e9parer totalement travail et vie priv\u00e9e. Ces probl\u00e8mes sont souvent \u00e0 l&rsquo;origine d&rsquo;une incapacit\u00e9 de travail de longue dur\u00e9e. Les longues listes d&rsquo;attente dans les services d&rsquo;aide, les freins personnels et la complexit\u00e9 de l\u2019\u00e9cosyst\u00e8me de l&rsquo;aide psychosociale emp\u00eachent de nombreuses personnes de b\u00e9n\u00e9ficier d\u2019un soutien adapt\u00e9. \u00a0Nous proposons une alternative. Via un num\u00e9ro d\u2019appel central, nos psychologues peuvent \u00eatre contact\u00e9s de fa\u00e7on anonyme, 24 heures sur 24 et 7 jours sur 7.<\/p>\n<p>Le V.C.V.H adresse tout type de probl\u00e8me (d\u2019ordre priv\u00e9 ou professionnel) qui entrave le bien-\u00eatre psychique\u00a0: difficult\u00e9s relationnelles, d\u00e9prime, mal-\u00eatre, stress, &#8230;<\/p>\n<p>Apr\u00e8s un premier contact t\u00e9l\u00e9phonique, un entretien individuel peut \u00eatre organis\u00e9. Ensuite et si souhait\u00e9, nous proposons un parcours d\u2019accompagnement de courte (5 s\u00e9ances) ou longue dur\u00e9e (10 s\u00e9ances). Et ce, dans un environnement s\u00e9curisant, propice \u00e0 la connexion, \u00e0 la confiance et \u00e0 l&rsquo;\u00e9panouissement.<\/p>\n<\/div>\n<\/div><\/div><\/div><\/div><\/div><div id=\"pg-gb400-69f743089f153-2\"  class=\"panel-grid panel-has-style\"  data-style=\"{&quot;class&quot;:&quot;rij2_dienst rij2&quot;,&quot;background&quot;:&quot;#efefef&quot;,&quot;background_image_attachment&quot;:false,&quot;background_display&quot;:&quot;fixed&quot;,&quot;full_height&quot;:&quot;&quot;,&quot;row_stretch&quot;:&quot;full&quot;,&quot;cell_alignment&quot;:&quot;flex-start&quot;}\" ><div class=\"rij2_dienst rij2 siteorigin-panels-stretch panel-row-style panel-row-style-for-gb400-69f743089f153-2\" data-stretch-type=\"full\" ><div id=\"pgc-gb400-69f743089f153-2-0\"  class=\"panel-grid-cell\"  data-weight=\"1\" ><div id=\"panel-gb400-69f743089f153-2-0-0\" class=\"so-panel widget widget_sow-editor panel-first-child panel-last-child\" data-index=\"4\" data-style=\"{&quot;background_image_attachment&quot;:false,&quot;background_display&quot;:&quot;tile&quot;,&quot;background_image_size&quot;:&quot;full&quot;,&quot;background_image_opacity&quot;:&quot;100&quot;,&quot;border_thickness&quot;:&quot;1px&quot;}\" ><div\n\t\t\t\n\t\t\tclass=\"so-widget-sow-editor so-widget-sow-editor-base\"\n\t\t\t\n\t\t>\n<div class=\"siteorigin-widget-tinymce textwidget\">\n\t<h2 style=\"text-align: center;\">Assurer le lien avec l&#8217;employeur\u2026<\/h2>\n<p style=\"text-align: center;\">Des rapports confidentiels et anonymis\u00e9s sur le recours \u00e0 ces services ainsi que les th\u00e9matiques les plus abord\u00e9es peuvent \u00eatre tr\u00e8s utiles aux employeurs, en vue d\u2019am\u00e9liorer les programmes de bien-\u00eatre et l\u2019environnement de travail.<\/p>\n<p style=\"text-align: center;\"><em>Offrir de telles opportunit\u00e9s \u00e0 vos collaborateurs et collaboratrices renforce leur lien avec l&rsquo;entreprise. Cette approche vous positionne \u00e9galement en tant qu&#8217;employeur soucieux de ses ressources les plus importantes : les membres de son personnel.<\/em><\/p>\n<\/div>\n<\/div><\/div><\/div><\/div><\/div><\/div>","protected":false},"excerpt":{"rendered":"<p>Pour les probl\u00e8mes d\u2019ordre priv\u00e9 ou professionnel qui entravent le bien-\u00eatre psychique Un soutien psychologique sur mesure Lorsque des probl\u00e8mes personnels persistent ou prennent des proportions importantes, il est rarement possible de s\u00e9parer totalement travail et vie priv\u00e9e. Ces probl\u00e8mes sont souvent \u00e0 l&rsquo;origine d&rsquo;une incapacit\u00e9 de travail de longue dur\u00e9e. Les longues listes d&rsquo;attente [&hellip;]<\/p>\n","protected":false},"author":1,"featured_media":0,"parent":396,"menu_order":0,"comment_status":"closed","ping_status":"closed","template":"","meta":{"footnotes":""},"class_list":["post-400","page","type-page","status-publish","hentry"],"yoast_head":"<!-- This site is optimized with the Yoast SEO plugin v23.2 - https:\/\/yoast.com\/wordpress\/plugins\/seo\/ -->\n<title>Soutien psychologique - V.C.V.H.<\/title>\n<meta name=\"robots\" content=\"index, follow, max-snippet:-1, max-image-preview:large, max-video-preview:-1\" \/>\n<link rel=\"canonical\" href=\"https:\/\/www.vcvh.be\/fr\/nos-services\/soutien-psychologique\/\" \/>\n<meta property=\"og:locale\" content=\"fr_FR\" \/>\n<meta property=\"og:type\" content=\"article\" \/>\n<meta property=\"og:title\" content=\"Soutien psychologique - V.C.V.H.\" \/>\n<meta property=\"og:description\" content=\"Pour les probl\u00e8mes d\u2019ordre priv\u00e9 ou professionnel qui entravent le bien-\u00eatre psychique Un soutien psychologique sur mesure Lorsque des probl\u00e8mes personnels persistent ou prennent des proportions importantes, il est rarement possible de s\u00e9parer totalement travail et vie priv\u00e9e. Ces probl\u00e8mes sont souvent \u00e0 l&#039;origine d&#039;une incapacit\u00e9 de travail de longue dur\u00e9e. Les longues listes d&#039;attente [&hellip;]\" \/>\n<meta property=\"og:url\" content=\"https:\/\/www.vcvh.be\/fr\/nos-services\/soutien-psychologique\/\" \/>\n<meta property=\"og:site_name\" content=\"V.C.V.H.\" \/>\n<meta property=\"article:modified_time\" content=\"2026-03-18T19:34:13+00:00\" \/>\n<meta name=\"twitter:card\" content=\"summary_large_image\" \/>\n<meta name=\"twitter:label1\" content=\"Dur\u00e9e de lecture estim\u00e9e\" \/>\n\t<meta name=\"twitter:data1\" content=\"2 minutes\" \/>\n<script type=\"application\/ld+json\" class=\"yoast-schema-graph\">{\"@context\":\"https:\/\/schema.org\",\"@graph\":[{\"@type\":\"WebPage\",\"@id\":\"https:\/\/www.vcvh.be\/fr\/nos-services\/soutien-psychologique\/\",\"url\":\"https:\/\/www.vcvh.be\/fr\/nos-services\/soutien-psychologique\/\",\"name\":\"Soutien psychologique - V.C.V.H.\",\"isPartOf\":{\"@id\":\"https:\/\/www.vcvh.be\/fr\/#website\"},\"datePublished\":\"2019-03-04T11:43:27+00:00\",\"dateModified\":\"2026-03-18T19:34:13+00:00\",\"breadcrumb\":{\"@id\":\"https:\/\/www.vcvh.be\/fr\/nos-services\/soutien-psychologique\/#breadcrumb\"},\"inLanguage\":\"fr-FR\",\"potentialAction\":[{\"@type\":\"ReadAction\",\"target\":[\"https:\/\/www.vcvh.be\/fr\/nos-services\/soutien-psychologique\/\"]}]},{\"@type\":\"BreadcrumbList\",\"@id\":\"https:\/\/www.vcvh.be\/fr\/nos-services\/soutien-psychologique\/#breadcrumb\",\"itemListElement\":[{\"@type\":\"ListItem\",\"position\":1,\"name\":\"Home\",\"item\":\"https:\/\/www.vcvh.be\/fr\/\"},{\"@type\":\"ListItem\",\"position\":2,\"name\":\"Nos services\",\"item\":\"https:\/\/www.vcvh.be\/fr\/nos-services\/\"},{\"@type\":\"ListItem\",\"position\":3,\"name\":\"Soutien psychologique\"}]},{\"@type\":\"WebSite\",\"@id\":\"https:\/\/www.vcvh.be\/fr\/#website\",\"url\":\"https:\/\/www.vcvh.be\/fr\/\",\"name\":\"V.C.V.H.\",\"description\":\"\",\"potentialAction\":[{\"@type\":\"SearchAction\",\"target\":{\"@type\":\"EntryPoint\",\"urlTemplate\":\"https:\/\/www.vcvh.be\/fr\/?s={search_term_string}\"},\"query-input\":\"required name=search_term_string\"}],\"inLanguage\":\"fr-FR\"}]}<\/script>\n<!-- \/ Yoast SEO plugin. -->","yoast_head_json":{"title":"Soutien psychologique - V.C.V.H.","robots":{"index":"index","follow":"follow","max-snippet":"max-snippet:-1","max-image-preview":"max-image-preview:large","max-video-preview":"max-video-preview:-1"},"canonical":"https:\/\/www.vcvh.be\/fr\/nos-services\/soutien-psychologique\/","og_locale":"fr_FR","og_type":"article","og_title":"Soutien psychologique - V.C.V.H.","og_description":"Pour les probl\u00e8mes d\u2019ordre priv\u00e9 ou professionnel qui entravent le bien-\u00eatre psychique Un soutien psychologique sur mesure Lorsque des probl\u00e8mes personnels persistent ou prennent des proportions importantes, il est rarement possible de s\u00e9parer totalement travail et vie priv\u00e9e. Ces probl\u00e8mes sont souvent \u00e0 l'origine d'une incapacit\u00e9 de travail de longue dur\u00e9e. Les longues listes d'attente [&hellip;]","og_url":"https:\/\/www.vcvh.be\/fr\/nos-services\/soutien-psychologique\/","og_site_name":"V.C.V.H.","article_modified_time":"2026-03-18T19:34:13+00:00","twitter_card":"summary_large_image","twitter_misc":{"Dur\u00e9e de lecture estim\u00e9e":"2 minutes"},"schema":{"@context":"https:\/\/schema.org","@graph":[{"@type":"WebPage","@id":"https:\/\/www.vcvh.be\/fr\/nos-services\/soutien-psychologique\/","url":"https:\/\/www.vcvh.be\/fr\/nos-services\/soutien-psychologique\/","name":"Soutien psychologique - V.C.V.H.","isPartOf":{"@id":"https:\/\/www.vcvh.be\/fr\/#website"},"datePublished":"2019-03-04T11:43:27+00:00","dateModified":"2026-03-18T19:34:13+00:00","breadcrumb":{"@id":"https:\/\/www.vcvh.be\/fr\/nos-services\/soutien-psychologique\/#breadcrumb"},"inLanguage":"fr-FR","potentialAction":[{"@type":"ReadAction","target":["https:\/\/www.vcvh.be\/fr\/nos-services\/soutien-psychologique\/"]}]},{"@type":"BreadcrumbList","@id":"https:\/\/www.vcvh.be\/fr\/nos-services\/soutien-psychologique\/#breadcrumb","itemListElement":[{"@type":"ListItem","position":1,"name":"Home","item":"https:\/\/www.vcvh.be\/fr\/"},{"@type":"ListItem","position":2,"name":"Nos services","item":"https:\/\/www.vcvh.be\/fr\/nos-services\/"},{"@type":"ListItem","position":3,"name":"Soutien psychologique"}]},{"@type":"WebSite","@id":"https:\/\/www.vcvh.be\/fr\/#website","url":"https:\/\/www.vcvh.be\/fr\/","name":"V.C.V.H.","description":"","potentialAction":[{"@type":"SearchAction","target":{"@type":"EntryPoint","urlTemplate":"https:\/\/www.vcvh.be\/fr\/?s={search_term_string}"},"query-input":"required name=search_term_string"}],"inLanguage":"fr-FR"}]}},"_links":{"self":[{"href":"https:\/\/www.vcvh.be\/fr\/wp-json\/wp\/v2\/pages\/400"}],"collection":[{"href":"https:\/\/www.vcvh.be\/fr\/wp-json\/wp\/v2\/pages"}],"about":[{"href":"https:\/\/www.vcvh.be\/fr\/wp-json\/wp\/v2\/types\/page"}],"author":[{"embeddable":true,"href":"https:\/\/www.vcvh.be\/fr\/wp-json\/wp\/v2\/users\/1"}],"replies":[{"embeddable":true,"href":"https:\/\/www.vcvh.be\/fr\/wp-json\/wp\/v2\/comments?post=400"}],"version-history":[{"count":2,"href":"https:\/\/www.vcvh.be\/fr\/wp-json\/wp\/v2\/pages\/400\/revisions"}],"predecessor-version":[{"id":429,"href":"https:\/\/www.vcvh.be\/fr\/wp-json\/wp\/v2\/pages\/400\/revisions\/429"}],"up":[{"embeddable":true,"href":"https:\/\/www.vcvh.be\/fr\/wp-json\/wp\/v2\/pages\/396"}],"wp:attachment":[{"href":"https:\/\/www.vcvh.be\/fr\/wp-json\/wp\/v2\/media?parent=400"}],"curies":[{"name":"wp","href":"https:\/\/api.w.org\/{rel}","templated":true}]}}