{"id":382,"date":"2019-03-04T12:15:46","date_gmt":"2019-03-04T11:15:46","guid":{"rendered":"https:\/\/www.vcvh.be\/?page_id=382"},"modified":"2026-03-18T19:57:51","modified_gmt":"2026-03-18T18:57:51","slug":"notre-approche","status":"publish","type":"page","link":"https:\/\/www.vcvh.be\/fr\/notre-approche\/","title":{"rendered":"Notre approche"},"content":{"rendered":"<div id=\"pl-gb382-69f74220bd657\"  class=\"panel-layout\" ><div id=\"pg-gb382-69f74220bd657-0\"  class=\"panel-grid panel-has-style\"  data-style=\"{&quot;class&quot;:&quot;bannerpage&quot;,&quot;background_image_attachment&quot;:false,&quot;background_display&quot;:&quot;tile&quot;,&quot;full_height&quot;:&quot;&quot;,&quot;row_stretch&quot;:&quot;full-width-stretch&quot;,&quot;cell_alignment&quot;:&quot;flex-start&quot;}\" ><div class=\"bannerpage siteorigin-panels-stretch panel-row-style panel-row-style-for-gb382-69f74220bd657-0\" data-stretch-type=\"full-width-stretch\" ><div id=\"pgc-gb382-69f74220bd657-0-0\"  class=\"panel-grid-cell\"  data-weight=\"1\" ><div id=\"panel-gb382-69f74220bd657-0-0-0\" class=\"so-panel widget widget_sow-editor panel-first-child\" data-index=\"0\" data-style=\"{&quot;background_image_attachment&quot;:false,&quot;background_display&quot;:&quot;tile&quot;}\" ><div\n\t\t\t\n\t\t\tclass=\"so-widget-sow-editor so-widget-sow-editor-base\"\n\t\t\t\n\t\t>\n<div class=\"siteorigin-widget-tinymce textwidget\">\n\t<div id=\"metaslider-id-97\" style=\"width: 100%;\" class=\"ml-slider-3-90-1 metaslider metaslider-flex metaslider-97 ml-slider ms-theme-default nav-hidden\" role=\"region\" aria-roledescription=\"Slideshow\" aria-label=\"Onze aanpak\">\n    <div id=\"metaslider_container_97\">\n        <div id=\"metaslider_97\">\n            <ul class='slides'>\n                <li style=\"display: block; width: 100%;\" class=\"slide-100 ms-image \" aria-roledescription=\"slide\" aria-label=\"slide-100\"><img loading=\"lazy\" decoding=\"async\" src=\"https:\/\/www.vcvh.be\/wp-content\/uploads\/2016\/06\/vcvh-aanpak-1900x500.jpg\" height=\"500\" width=\"1900\" alt=\"Kwaliteitsvolle professionele ondersteuning ter bevordering van de mentale veerkracht - VCVH\" class=\"slider-97 slide-100\" \/><\/li>\n            <\/ul>\n        <\/div>\n        \n    <\/div>\n<\/div>\n<\/div>\n<\/div><\/div><div id=\"panel-gb382-69f74220bd657-0-0-1\" class=\"so-panel widget widget_sow-editor panel-last-child\" data-index=\"1\" data-style=\"{&quot;class&quot;:&quot;overlay&quot;,&quot;background_image_attachment&quot;:false,&quot;background_display&quot;:&quot;tile&quot;,&quot;background_image_size&quot;:&quot;full&quot;,&quot;background_image_opacity&quot;:&quot;100&quot;,&quot;border_thickness&quot;:&quot;1px&quot;}\" ><div class=\"overlay panel-widget-style panel-widget-style-for-gb382-69f74220bd657-0-0-1\" ><div\n\t\t\t\n\t\t\tclass=\"so-widget-sow-editor so-widget-sow-editor-base\"\n\t\t\t\n\t\t>\n<div class=\"siteorigin-widget-tinymce textwidget\">\n\t<h1 style=\"text-align: center;\">Un soutien professionnel de qualit\u00e9 en faveur de la r\u00e9silience mentale &#8211; VCVH<\/h1>\n<\/div>\n<\/div><\/div><\/div><\/div><\/div><\/div><div id=\"pg-gb382-69f74220bd657-1\"  class=\"panel-grid panel-has-style\"  data-style=\"{&quot;class&quot;:&quot;rij1_over rij1&quot;,&quot;background_image_attachment&quot;:false,&quot;background_display&quot;:&quot;tile&quot;,&quot;full_height&quot;:&quot;&quot;,&quot;cell_alignment&quot;:&quot;flex-start&quot;}\" ><div class=\"rij1_over rij1 panel-row-style panel-row-style-for-gb382-69f74220bd657-1\" ><div id=\"pgc-gb382-69f74220bd657-1-0\"  class=\"panel-grid-cell\"  data-style=\"{&quot;background_image_attachment&quot;:false,&quot;background_display&quot;:&quot;tile&quot;,&quot;vertical_alignment&quot;:&quot;auto&quot;}\"  data-weight=\"0.4\" ><div id=\"panel-gb382-69f74220bd657-1-0-0\" class=\"so-panel widget widget_sow-editor panel-first-child panel-last-child\" data-index=\"2\" data-style=\"{&quot;background_image_attachment&quot;:false,&quot;background_display&quot;:&quot;tile&quot;,&quot;background_image_size&quot;:&quot;full&quot;,&quot;background_image_opacity&quot;:&quot;100&quot;,&quot;border_thickness&quot;:&quot;1px&quot;}\" ><div\n\t\t\t\n\t\t\tclass=\"so-widget-sow-editor so-widget-sow-editor-base\"\n\t\t\t\n\t\t>\n<div class=\"siteorigin-widget-tinymce textwidget\">\n\t<h2>Notre approche<\/h2>\n<\/div>\n<\/div><\/div><\/div><div id=\"pgc-gb382-69f74220bd657-1-1\"  class=\"panel-grid-cell\"  data-weight=\"0.6\" ><div id=\"panel-gb382-69f74220bd657-1-1-0\" class=\"so-panel widget widget_sow-editor panel-first-child\" data-index=\"3\" data-style=\"{&quot;background_image_attachment&quot;:false,&quot;background_display&quot;:&quot;tile&quot;,&quot;background_image_size&quot;:&quot;full&quot;,&quot;background_image_opacity&quot;:&quot;100&quot;,&quot;border_thickness&quot;:&quot;1px&quot;}\" ><div\n\t\t\t\n\t\t\tclass=\"so-widget-sow-editor so-widget-sow-editor-base\"\n\t\t\t\n\t\t>\n<div class=\"siteorigin-widget-tinymce textwidget\">\n\t<p>Nous nous concentrons sur deux aspects : l\u2019\u00e9volution de l\u2019environnement (de travail) et l&rsquo;attention port\u00e9e \u00e0 la sant\u00e9 mentale.<\/p>\n<p><strong>1. L\u2019\u00e9volution de l\u2019environnement (de travail) :<\/strong><br \/>\nLe V.C.V.H. souhaite apporter une aide dans un environnement (de travail) en mutation et en acc\u00e9l\u00e9ration constantes, caract\u00e9ris\u00e9 par des \u00e9ch\u00e9ances, des objectifs et de la pression, o\u00f9 l&rsquo;efficacit\u00e9 et les r\u00e9sultats priment sur la reconnaissance et la valorisation. Dans un monde o\u00f9 les contacts humains sont majoritairement virtuels, o\u00f9 r\u00e8gne l\u2019angoisse de ne plus y arriver, o\u00f9 l&rsquo;information est omnipr\u00e9sente et o\u00f9 le stress, la d\u00e9motivation et la d\u00e9pendance sont fr\u00e9quents, nous ramenons de l&rsquo;humanit\u00e9. Car si l&rsquo;efficacit\u00e9 et les r\u00e9sultats sont importants, il est possible d\u2019interagir diff\u00e9remment. En portant de l&rsquo;attention aux individus au-del\u00e0 de leur r\u00f4le et en cr\u00e9ant des liens humains authentiques.<\/p>\n<p><strong>2. Sant\u00e9 mentale :<\/strong><br \/>\nTout le monde peut se sentir mal dans sa peau. Tout le monde peut avoir des soucis. Mais rares sont celles et ceux qui osent en parler ou chercher de l&rsquo;aide. Ne gardez pas vos probl\u00e8mes pour vous. Parlez-en !<\/p>\n<\/div>\n<\/div><\/div><div id=\"panel-gb382-69f74220bd657-1-1-1\" class=\"so-panel widget widget_siteorigin-panels-builder panel-last-child\" data-index=\"4\" data-style=\"{&quot;background_image_attachment&quot;:false,&quot;background_display&quot;:&quot;tile&quot;,&quot;background_image_size&quot;:&quot;full&quot;,&quot;background_image_opacity&quot;:&quot;100&quot;,&quot;border_thickness&quot;:&quot;1px&quot;}\" ><div id=\"pl-w69baf5a6498aa\"  class=\"panel-layout\" ><div id=\"pg-w69baf5a6498aa-0\"  class=\"panel-grid panel-no-style\"  data-style=\"{&quot;background_image_attachment&quot;:false,&quot;background_display&quot;:&quot;tile&quot;,&quot;full_height&quot;:&quot;&quot;,&quot;cell_alignment&quot;:&quot;flex-start&quot;}\" ><div id=\"pgc-w69baf5a6498aa-0-0\"  class=\"panel-grid-cell\"  data-weight=\"0.33333333333333\" ><div id=\"panel-w69baf5a6498aa-0-0-0\" class=\"so-panel widget widget_sow-image panel-first-child\" data-index=\"0\" data-style=\"{&quot;background_image_attachment&quot;:false,&quot;background_display&quot;:&quot;tile&quot;,&quot;background_image_size&quot;:&quot;full&quot;,&quot;background_image_opacity&quot;:&quot;100&quot;,&quot;border_thickness&quot;:&quot;1px&quot;}\" ><div\n\t\t\t\n\t\t\tclass=\"so-widget-sow-image so-widget-sow-image-default-8b5b6f678277\"\n\t\t\t\n\t\t>\n\n<div class=\"sow-image-container\">\n\t\t<img loading=\"lazy\" decoding=\"async\" src=\"https:\/\/www.vcvh.be\/wp-content\/uploads\/2019\/06\/psychologische-hulp-op-maat-van-uw-organisatie.png\" width=\"200\" height=\"200\" srcset=\"https:\/\/www.vcvh.be\/wp-content\/uploads\/2019\/06\/psychologische-hulp-op-maat-van-uw-organisatie.png 200w, https:\/\/www.vcvh.be\/wp-content\/uploads\/2019\/06\/psychologische-hulp-op-maat-van-uw-organisatie-150x150.png 150w, https:\/\/www.vcvh.be\/wp-content\/uploads\/2019\/06\/psychologische-hulp-op-maat-van-uw-organisatie-100x100.png 100w\" sizes=\"(max-width: 200px) 100vw, 200px\" alt=\"Une aide psychologique adapt\u00e9e \u00e0 votre organisation\" \t\tclass=\"so-widget-image\"\/>\n\t<\/div>\n\n<\/div><\/div><div id=\"panel-w69baf5a6498aa-0-0-1\" class=\"so-panel widget widget_sow-editor panel-last-child\" data-index=\"1\" data-style=\"{&quot;background_image_attachment&quot;:false,&quot;background_display&quot;:&quot;tile&quot;,&quot;background_image_size&quot;:&quot;full&quot;,&quot;background_image_opacity&quot;:&quot;100&quot;,&quot;border_thickness&quot;:&quot;1px&quot;}\" ><div\n\t\t\t\n\t\t\tclass=\"so-widget-sow-editor so-widget-sow-editor-base\"\n\t\t\t\n\t\t>\n<div class=\"siteorigin-widget-tinymce textwidget\">\n\t<p style=\"text-align: center;\"><strong>Une aide psychologique adapt\u00e9e \u00e0 votre organisation<\/strong><\/p>\n<\/div>\n<\/div><\/div><\/div><div id=\"pgc-w69baf5a6498aa-0-1\"  class=\"panel-grid-cell\"  data-weight=\"0.33333333333333\" ><div id=\"panel-w69baf5a6498aa-0-1-0\" class=\"so-panel widget widget_sow-image panel-first-child\" data-index=\"2\" data-style=\"{&quot;background_image_attachment&quot;:false,&quot;background_display&quot;:&quot;tile&quot;,&quot;background_image_size&quot;:&quot;full&quot;,&quot;background_image_opacity&quot;:&quot;100&quot;,&quot;border_thickness&quot;:&quot;1px&quot;}\" ><div\n\t\t\t\n\t\t\tclass=\"so-widget-sow-image so-widget-sow-image-default-8b5b6f678277\"\n\t\t\t\n\t\t>\n\n<div class=\"sow-image-container\">\n\t\t<img loading=\"lazy\" decoding=\"async\" src=\"https:\/\/www.vcvh.be\/wp-content\/uploads\/2019\/06\/gediplomeerde-hulpverleners-1.png\" width=\"200\" height=\"200\" srcset=\"https:\/\/www.vcvh.be\/wp-content\/uploads\/2019\/06\/gediplomeerde-hulpverleners-1.png 200w, https:\/\/www.vcvh.be\/wp-content\/uploads\/2019\/06\/gediplomeerde-hulpverleners-1-150x150.png 150w, https:\/\/www.vcvh.be\/wp-content\/uploads\/2019\/06\/gediplomeerde-hulpverleners-1-100x100.png 100w\" sizes=\"(max-width: 200px) 100vw, 200px\" title=\"gediplomeerde-hulpverleners\" alt=\"Des intervenants dipl\u00f4m\u00e9s\" \t\tclass=\"so-widget-image\"\/>\n\t<\/div>\n\n<\/div><\/div><div id=\"panel-w69baf5a6498aa-0-1-1\" class=\"so-panel widget widget_sow-editor panel-last-child\" data-index=\"3\" data-style=\"{&quot;background_image_attachment&quot;:false,&quot;background_display&quot;:&quot;tile&quot;,&quot;background_image_size&quot;:&quot;full&quot;,&quot;background_image_opacity&quot;:&quot;100&quot;,&quot;border_thickness&quot;:&quot;1px&quot;}\" ><div\n\t\t\t\n\t\t\tclass=\"so-widget-sow-editor so-widget-sow-editor-base\"\n\t\t\t\n\t\t>\n<div class=\"siteorigin-widget-tinymce textwidget\">\n\t<p style=\"text-align: center;\"><strong>Des intervenants dipl\u00f4m\u00e9s<\/strong><\/p>\n<\/div>\n<\/div><\/div><\/div><div id=\"pgc-w69baf5a6498aa-0-2\"  class=\"panel-grid-cell\"  data-weight=\"0.33333333333333\" ><div id=\"panel-w69baf5a6498aa-0-2-0\" class=\"so-panel widget widget_sow-image panel-first-child\" data-index=\"4\" data-style=\"{&quot;background_image_attachment&quot;:false,&quot;background_display&quot;:&quot;tile&quot;,&quot;background_image_size&quot;:&quot;full&quot;,&quot;background_image_opacity&quot;:&quot;100&quot;,&quot;border_thickness&quot;:&quot;1px&quot;}\" ><div\n\t\t\t\n\t\t\tclass=\"so-widget-sow-image so-widget-sow-image-default-8b5b6f678277\"\n\t\t\t\n\t\t>\n\n<div class=\"sow-image-container\">\n\t\t<img loading=\"lazy\" decoding=\"async\" src=\"https:\/\/www.vcvh.be\/wp-content\/uploads\/2019\/06\/24-7-beschikbaar.png\" width=\"200\" height=\"200\" srcset=\"https:\/\/www.vcvh.be\/wp-content\/uploads\/2019\/06\/24-7-beschikbaar.png 200w, https:\/\/www.vcvh.be\/wp-content\/uploads\/2019\/06\/24-7-beschikbaar-150x150.png 150w, https:\/\/www.vcvh.be\/wp-content\/uploads\/2019\/06\/24-7-beschikbaar-100x100.png 100w\" sizes=\"(max-width: 200px) 100vw, 200px\" alt=\"Une disponibilit\u00e9 24 heures sur 24, 7 jours sur 7\" \t\tclass=\"so-widget-image\"\/>\n\t<\/div>\n\n<\/div><\/div><div id=\"panel-w69baf5a6498aa-0-2-1\" class=\"so-panel widget widget_sow-editor panel-last-child\" data-index=\"5\" data-style=\"{&quot;background_image_attachment&quot;:false,&quot;background_display&quot;:&quot;tile&quot;,&quot;background_image_size&quot;:&quot;full&quot;,&quot;background_image_opacity&quot;:&quot;100&quot;,&quot;border_thickness&quot;:&quot;1px&quot;}\" ><div\n\t\t\t\n\t\t\tclass=\"so-widget-sow-editor so-widget-sow-editor-base\"\n\t\t\t\n\t\t>\n<div class=\"siteorigin-widget-tinymce textwidget\">\n\t<p style=\"text-align: center;\"><strong>Une disponibilit\u00e9 24 heures sur 24, 7 jours sur 7<\/strong><\/p>\n<\/div>\n<\/div><\/div><\/div><\/div><\/div><\/div><\/div><\/div><\/div><div id=\"pg-gb382-69f74220bd657-2\"  class=\"panel-grid panel-has-style\"  data-style=\"{&quot;class&quot;:&quot;rij2_over rij2&quot;,&quot;background&quot;:&quot;#ffffff&quot;,&quot;background_image_attachment&quot;:false,&quot;background_display&quot;:&quot;fixed&quot;,&quot;full_height&quot;:&quot;&quot;,&quot;row_stretch&quot;:&quot;full&quot;,&quot;cell_alignment&quot;:&quot;flex-start&quot;}\" ><div class=\"rij2_over rij2 siteorigin-panels-stretch panel-row-style panel-row-style-for-gb382-69f74220bd657-2\" data-stretch-type=\"full\" ><div id=\"pgc-gb382-69f74220bd657-2-0\"  class=\"panel-grid-cell\"  data-style=\"{&quot;background_image_attachment&quot;:false,&quot;background_display&quot;:&quot;tile&quot;,&quot;vertical_alignment&quot;:&quot;auto&quot;}\"  data-weight=\"1\" ><div id=\"panel-gb382-69f74220bd657-2-0-0\" class=\"so-panel widget widget_sow-editor panel-first-child panel-last-child\" data-index=\"5\" data-style=\"{&quot;background_image_attachment&quot;:false,&quot;background_display&quot;:&quot;tile&quot;,&quot;background_image_size&quot;:&quot;full&quot;,&quot;background_image_opacity&quot;:&quot;100&quot;,&quot;border_thickness&quot;:&quot;1px&quot;}\" ><div\n\t\t\t\n\t\t\tclass=\"so-widget-sow-editor so-widget-sow-editor-base\"\n\t\t\t\n\t\t>\n<div class=\"siteorigin-widget-tinymce textwidget\">\n\t<h2 style=\"text-align: center;\">Notre mission<\/h2>\n<p style=\"text-align: center;\">Accorder une attention pr\u00e9ventive au bien-\u00eatre mental et offrir un soutien psychologique. Dans un environnement s\u00e9curisant qui encourage la connexion, la confiance, la lenteur du rythme et l\u2019\u00e9panouissement. En mettant l&rsquo;accent sur l&rsquo;humanit\u00e9 et l&rsquo;authenticit\u00e9.<\/p>\n<p style=\"text-align: center;\">Chaque mot de notre mission a \u00e9t\u00e9 choisi avec soin:<\/p>\n<p style=\"text-align: center;\"><strong>Pr\u00e9vention<\/strong>: encourager les individus \u00e0 veiller \u00e0 leur propre bien-\u00eatre<br \/>\n<strong>Connexion<\/strong>: avec soi-m\u00eame, avec les coll\u00e8gues, les sup\u00e9rieurs hi\u00e9rarchiques et l&rsquo;organisation<br \/>\n<strong>Confiance<\/strong>: la confiance mutuelle g\u00e9n\u00e8re une \u00e9nergie positive<br \/>\n<strong>Ralentissement du rythme<\/strong>: ralentir apporte s\u00e9r\u00e9nit\u00e9, clart\u00e9 et vue d&rsquo;ensemble<br \/>\n<strong>\u00c9panouissement<\/strong>: celles et ceux qui peuvent s&rsquo;\u00e9panouir pleinement tirent davantage de satisfaction de leur travail<br \/>\n<strong>Humanit\u00e9<\/strong>: le dialogue et l\u2019\u00e9galit\u00e9 entre les individus<br \/>\n<strong>Humanit\u00e9<\/strong>: privil\u00e9gier des relations ouvertes et sinc\u00e8res<\/p>\n<\/div>\n<\/div><\/div><\/div><\/div><\/div><div id=\"pg-gb382-69f74220bd657-3\"  class=\"panel-grid panel-has-style\"  data-style=\"{&quot;class&quot;:&quot;rij3_over rij3&quot;,&quot;background_image_attachment&quot;:false,&quot;background_display&quot;:&quot;tile&quot;,&quot;full_height&quot;:&quot;&quot;,&quot;cell_alignment&quot;:&quot;flex-start&quot;}\" ><div class=\"rij3_over rij3 panel-row-style panel-row-style-for-gb382-69f74220bd657-3\" ><div id=\"pgc-gb382-69f74220bd657-3-0\"  class=\"panel-grid-cell\"  data-style=\"{&quot;background_image_attachment&quot;:false,&quot;background_display&quot;:&quot;tile&quot;,&quot;vertical_alignment&quot;:&quot;auto&quot;}\"  data-weight=\"0.6\" ><div id=\"panel-gb382-69f74220bd657-3-0-0\" class=\"so-panel widget widget_sow-editor panel-first-child panel-last-child\" data-index=\"6\" data-style=\"{&quot;background_image_attachment&quot;:false,&quot;background_display&quot;:&quot;tile&quot;,&quot;background_image_size&quot;:&quot;full&quot;,&quot;background_image_opacity&quot;:&quot;100&quot;,&quot;border_thickness&quot;:&quot;1px&quot;}\" ><div\n\t\t\t\n\t\t\tclass=\"so-widget-sow-editor so-widget-sow-editor-base\"\n\t\t\t\n\t\t>\n<div class=\"siteorigin-widget-tinymce textwidget\">\n\t<h2>Notre vision<\/h2>\n<p>Tout le monde a droit \u00e0 un soutien professionnel de qualit\u00e9 pour favoriser la r\u00e9silience mentale.<\/p>\n<\/div>\n<\/div><\/div><\/div><div id=\"pgc-gb382-69f74220bd657-3-1\"  class=\"panel-grid-cell\"  data-weight=\"0.4\" ><div id=\"panel-gb382-69f74220bd657-3-1-0\" class=\"so-panel widget widget_sow-image panel-first-child panel-last-child\" data-index=\"7\" data-style=\"{&quot;background_image_attachment&quot;:false,&quot;background_display&quot;:&quot;tile&quot;}\" ><div\n\t\t\t\n\t\t\tclass=\"so-widget-sow-image so-widget-sow-image-default-8b5b6f678277-382\"\n\t\t\t\n\t\t>\n\n<div class=\"sow-image-container\">\n\t\t<img loading=\"lazy\" decoding=\"async\" src=\"https:\/\/www.vcvh.be\/wp-content\/uploads\/2019\/03\/vcvh-aanpak-768x571.jpg\" width=\"768\" height=\"571\" srcset=\"https:\/\/www.vcvh.be\/wp-content\/uploads\/2019\/03\/vcvh-aanpak-768x571.jpg 768w, https:\/\/www.vcvh.be\/wp-content\/uploads\/2019\/03\/vcvh-aanpak-300x223.jpg 300w, https:\/\/www.vcvh.be\/wp-content\/uploads\/2019\/03\/vcvh-aanpak.jpg 1024w\" sizes=\"(max-width: 768px) 100vw, 768px\" alt=\"kwaliteitsvolle professionele ondersteuning ter bevordering van de mentale veerkracht\" \t\tclass=\"so-widget-image\"\/>\n\t<\/div>\n\n<\/div><\/div><\/div><\/div><\/div><\/div>","protected":false},"excerpt":{"rendered":"<p>Un soutien professionnel de qualit\u00e9 en faveur de la r\u00e9silience mentale &#8211; VCVH Notre approche Nous nous concentrons sur deux aspects : l\u2019\u00e9volution de l\u2019environnement (de travail) et l&rsquo;attention port\u00e9e \u00e0 la sant\u00e9 mentale. 1. L\u2019\u00e9volution de l\u2019environnement (de travail) : Le V.C.V.H. souhaite apporter une aide dans un environnement (de travail) en mutation et [&hellip;]<\/p>\n","protected":false},"author":1,"featured_media":0,"parent":0,"menu_order":0,"comment_status":"closed","ping_status":"closed","template":"","meta":{"footnotes":""},"class_list":["post-382","page","type-page","status-publish","hentry"],"yoast_head":"<!-- This site is optimized with the Yoast SEO plugin v23.2 - https:\/\/yoast.com\/wordpress\/plugins\/seo\/ -->\n<title>Notre approche - V.C.V.H.<\/title>\n<meta name=\"robots\" content=\"index, follow, max-snippet:-1, max-image-preview:large, max-video-preview:-1\" \/>\n<link rel=\"canonical\" href=\"https:\/\/www.vcvh.be\/fr\/notre-approche\/\" \/>\n<meta property=\"og:locale\" content=\"fr_FR\" \/>\n<meta property=\"og:type\" content=\"article\" \/>\n<meta property=\"og:title\" content=\"Notre approche - V.C.V.H.\" \/>\n<meta property=\"og:description\" content=\"Un soutien professionnel de qualit\u00e9 en faveur de la r\u00e9silience mentale - VCVH Notre approche Nous nous concentrons sur deux aspects : l\u2019\u00e9volution de l\u2019environnement (de travail) et l&#039;attention port\u00e9e \u00e0 la sant\u00e9 mentale. 1. L\u2019\u00e9volution de l\u2019environnement (de travail) : Le V.C.V.H. souhaite apporter une aide dans un environnement (de travail) en mutation et [&hellip;]\" \/>\n<meta property=\"og:url\" content=\"https:\/\/www.vcvh.be\/fr\/notre-approche\/\" \/>\n<meta property=\"og:site_name\" content=\"V.C.V.H.\" \/>\n<meta property=\"article:modified_time\" content=\"2026-03-18T18:57:51+00:00\" \/>\n<meta name=\"twitter:card\" content=\"summary_large_image\" \/>\n<meta name=\"twitter:label1\" content=\"Dur\u00e9e de lecture estim\u00e9e\" \/>\n\t<meta name=\"twitter:data1\" content=\"3 minutes\" \/>\n<script type=\"application\/ld+json\" class=\"yoast-schema-graph\">{\"@context\":\"https:\/\/schema.org\",\"@graph\":[{\"@type\":\"WebPage\",\"@id\":\"https:\/\/www.vcvh.be\/fr\/notre-approche\/\",\"url\":\"https:\/\/www.vcvh.be\/fr\/notre-approche\/\",\"name\":\"Notre approche - V.C.V.H.\",\"isPartOf\":{\"@id\":\"https:\/\/www.vcvh.be\/fr\/#website\"},\"datePublished\":\"2019-03-04T11:15:46+00:00\",\"dateModified\":\"2026-03-18T18:57:51+00:00\",\"breadcrumb\":{\"@id\":\"https:\/\/www.vcvh.be\/fr\/notre-approche\/#breadcrumb\"},\"inLanguage\":\"fr-FR\",\"potentialAction\":[{\"@type\":\"ReadAction\",\"target\":[\"https:\/\/www.vcvh.be\/fr\/notre-approche\/\"]}]},{\"@type\":\"BreadcrumbList\",\"@id\":\"https:\/\/www.vcvh.be\/fr\/notre-approche\/#breadcrumb\",\"itemListElement\":[{\"@type\":\"ListItem\",\"position\":1,\"name\":\"Home\",\"item\":\"https:\/\/www.vcvh.be\/fr\/\"},{\"@type\":\"ListItem\",\"position\":2,\"name\":\"Notre approche\"}]},{\"@type\":\"WebSite\",\"@id\":\"https:\/\/www.vcvh.be\/fr\/#website\",\"url\":\"https:\/\/www.vcvh.be\/fr\/\",\"name\":\"V.C.V.H.\",\"description\":\"\",\"potentialAction\":[{\"@type\":\"SearchAction\",\"target\":{\"@type\":\"EntryPoint\",\"urlTemplate\":\"https:\/\/www.vcvh.be\/fr\/?s={search_term_string}\"},\"query-input\":\"required name=search_term_string\"}],\"inLanguage\":\"fr-FR\"}]}<\/script>\n<!-- \/ Yoast SEO plugin. -->","yoast_head_json":{"title":"Notre approche - V.C.V.H.","robots":{"index":"index","follow":"follow","max-snippet":"max-snippet:-1","max-image-preview":"max-image-preview:large","max-video-preview":"max-video-preview:-1"},"canonical":"https:\/\/www.vcvh.be\/fr\/notre-approche\/","og_locale":"fr_FR","og_type":"article","og_title":"Notre approche - V.C.V.H.","og_description":"Un soutien professionnel de qualit\u00e9 en faveur de la r\u00e9silience mentale - VCVH Notre approche Nous nous concentrons sur deux aspects : l\u2019\u00e9volution de l\u2019environnement (de travail) et l'attention port\u00e9e \u00e0 la sant\u00e9 mentale. 1. L\u2019\u00e9volution de l\u2019environnement (de travail) : Le V.C.V.H. souhaite apporter une aide dans un environnement (de travail) en mutation et [&hellip;]","og_url":"https:\/\/www.vcvh.be\/fr\/notre-approche\/","og_site_name":"V.C.V.H.","article_modified_time":"2026-03-18T18:57:51+00:00","twitter_card":"summary_large_image","twitter_misc":{"Dur\u00e9e de lecture estim\u00e9e":"3 minutes"},"schema":{"@context":"https:\/\/schema.org","@graph":[{"@type":"WebPage","@id":"https:\/\/www.vcvh.be\/fr\/notre-approche\/","url":"https:\/\/www.vcvh.be\/fr\/notre-approche\/","name":"Notre approche - V.C.V.H.","isPartOf":{"@id":"https:\/\/www.vcvh.be\/fr\/#website"},"datePublished":"2019-03-04T11:15:46+00:00","dateModified":"2026-03-18T18:57:51+00:00","breadcrumb":{"@id":"https:\/\/www.vcvh.be\/fr\/notre-approche\/#breadcrumb"},"inLanguage":"fr-FR","potentialAction":[{"@type":"ReadAction","target":["https:\/\/www.vcvh.be\/fr\/notre-approche\/"]}]},{"@type":"BreadcrumbList","@id":"https:\/\/www.vcvh.be\/fr\/notre-approche\/#breadcrumb","itemListElement":[{"@type":"ListItem","position":1,"name":"Home","item":"https:\/\/www.vcvh.be\/fr\/"},{"@type":"ListItem","position":2,"name":"Notre approche"}]},{"@type":"WebSite","@id":"https:\/\/www.vcvh.be\/fr\/#website","url":"https:\/\/www.vcvh.be\/fr\/","name":"V.C.V.H.","description":"","potentialAction":[{"@type":"SearchAction","target":{"@type":"EntryPoint","urlTemplate":"https:\/\/www.vcvh.be\/fr\/?s={search_term_string}"},"query-input":"required name=search_term_string"}],"inLanguage":"fr-FR"}]}},"_links":{"self":[{"href":"https:\/\/www.vcvh.be\/fr\/wp-json\/wp\/v2\/pages\/382"}],"collection":[{"href":"https:\/\/www.vcvh.be\/fr\/wp-json\/wp\/v2\/pages"}],"about":[{"href":"https:\/\/www.vcvh.be\/fr\/wp-json\/wp\/v2\/types\/page"}],"author":[{"embeddable":true,"href":"https:\/\/www.vcvh.be\/fr\/wp-json\/wp\/v2\/users\/1"}],"replies":[{"embeddable":true,"href":"https:\/\/www.vcvh.be\/fr\/wp-json\/wp\/v2\/comments?post=382"}],"version-history":[{"count":4,"href":"https:\/\/www.vcvh.be\/fr\/wp-json\/wp\/v2\/pages\/382\/revisions"}],"predecessor-version":[{"id":425,"href":"https:\/\/www.vcvh.be\/fr\/wp-json\/wp\/v2\/pages\/382\/revisions\/425"}],"wp:attachment":[{"href":"https:\/\/www.vcvh.be\/fr\/wp-json\/wp\/v2\/media?parent=382"}],"curies":[{"name":"wp","href":"https:\/\/api.w.org\/{rel}","templated":true}]}}