{"id":371,"date":"2019-01-08T15:31:01","date_gmt":"2019-01-08T14:31:01","guid":{"rendered":"https:\/\/www.vcvh.be\/?page_id=371"},"modified":"2026-03-18T19:43:57","modified_gmt":"2026-03-18T18:43:57","slug":"accueil","status":"publish","type":"page","link":"https:\/\/www.vcvh.be\/fr\/","title":{"rendered":"Accueil"},"content":{"rendered":"<div id=\"pl-gb371-69f736f7309b5\"  class=\"panel-layout\" ><div id=\"pg-gb371-69f736f7309b5-0\"  class=\"panel-grid panel-has-style\"  data-style=\"{&quot;class&quot;:&quot;rij1_home rij1&quot;,&quot;background_image_attachment&quot;:false,&quot;background_display&quot;:&quot;tile&quot;,&quot;full_height&quot;:&quot;&quot;,&quot;cell_alignment&quot;:&quot;flex-start&quot;}\" ><div class=\"rij1_home rij1 panel-row-style panel-row-style-for-gb371-69f736f7309b5-0\" ><div id=\"pgc-gb371-69f736f7309b5-0-0\"  class=\"panel-grid-cell\"  data-weight=\"1\" ><div id=\"panel-gb371-69f736f7309b5-0-0-0\" class=\"so-panel widget widget_sow-editor panel-first-child\" data-index=\"0\" data-style=\"{&quot;widget_css&quot;:&quot;max-width: 800px;\\nmargin: auto;&quot;,&quot;background_image_attachment&quot;:false,&quot;background_display&quot;:&quot;tile&quot;,&quot;background_image_size&quot;:&quot;full&quot;,&quot;background_image_opacity&quot;:&quot;100&quot;,&quot;border_thickness&quot;:&quot;1px&quot;}\" ><div class=\"panel-widget-style panel-widget-style-for-gb371-69f736f7309b5-0-0-0\" ><div\n\t\t\t\n\t\t\tclass=\"so-widget-sow-editor so-widget-sow-editor-base\"\n\t\t\t\n\t\t>\n<div class=\"siteorigin-widget-tinymce textwidget\">\n\t<h1 style=\"text-align: center;\">Le V.C.V.H. concilie les int\u00e9r\u00eats des employeurs et des membres de leur personnel.<\/h1>\n<p style=\"text-align: center;\">L\u2019\u00e9quipe de psychologues du V.C.V.H. propose un accompagnement sur mesure et est disponible 24 heures sur 24, 7 jours sur 7. Nous intervenons l\u00e0 o\u00f9 s\u2019arr\u00eatent le r\u00f4le et les missions l\u00e9gales de votre Service externe pour la Pr\u00e9vention et la Protection au Travail (SEPPT).<\/p>\n<\/div>\n<\/div><\/div><\/div><div id=\"panel-gb371-69f736f7309b5-0-0-1\" class=\"so-panel widget widget_siteorigin-panels-builder panel-last-child\" data-index=\"1\" data-style=\"{&quot;widget_css&quot;:&quot;margin-top: 50px;&quot;,&quot;background_image_attachment&quot;:false,&quot;background_display&quot;:&quot;tile&quot;,&quot;background_image_size&quot;:&quot;full&quot;,&quot;background_image_opacity&quot;:&quot;100&quot;,&quot;border_thickness&quot;:&quot;1px&quot;}\" ><div class=\"panel-widget-style panel-widget-style-for-gb371-69f736f7309b5-0-0-1\" ><div id=\"pl-w69babec8da01c\"  class=\"panel-layout\" ><div id=\"pg-w69babec8da01c-0\"  class=\"panel-grid panel-no-style\"  data-style=\"{&quot;background_image_attachment&quot;:false,&quot;background_display&quot;:&quot;tile&quot;,&quot;full_height&quot;:&quot;&quot;,&quot;cell_alignment&quot;:&quot;flex-start&quot;}\" ><div id=\"pgc-w69babec8da01c-0-0\"  class=\"panel-grid-cell\"  data-weight=\"0.4\" ><div id=\"panel-w69babec8da01c-0-0-0\" class=\"so-panel widget widget_sow-editor panel-first-child panel-last-child\" data-index=\"0\" data-style=\"{&quot;background_image_attachment&quot;:false,&quot;background_display&quot;:&quot;tile&quot;,&quot;background_image_size&quot;:&quot;full&quot;,&quot;background_image_opacity&quot;:&quot;100&quot;,&quot;border_thickness&quot;:&quot;1px&quot;}\" ><div\n\t\t\t\n\t\t\tclass=\"so-widget-sow-editor so-widget-sow-editor-base\"\n\t\t\t\n\t\t>\n<div class=\"siteorigin-widget-tinymce textwidget\">\n\t<p><em><strong>Les salari\u00e9s et salari\u00e9es sont de plus en plus souvent, et pour une dur\u00e9e de plus en plus longue, en arr\u00eat de travail. Ces derni\u00e8res ann\u00e9es, l&rsquo;absent\u00e9isme pour raison m\u00e9dicale a surtout augment\u00e9 chez les trentenaires et les quadrag\u00e9naires, une phase de la vie particuli\u00e8rement intense.<\/strong><\/em><\/p>\n<\/div>\n<\/div><\/div><\/div><div id=\"pgc-w69babec8da01c-0-1\"  class=\"panel-grid-cell\"  data-weight=\"0.6\" ><div id=\"panel-w69babec8da01c-0-1-0\" class=\"so-panel widget widget_sow-editor panel-first-child panel-last-child\" data-index=\"1\" data-style=\"{&quot;background_image_attachment&quot;:false,&quot;background_display&quot;:&quot;tile&quot;,&quot;background_image_size&quot;:&quot;full&quot;,&quot;background_image_opacity&quot;:&quot;100&quot;,&quot;border_thickness&quot;:&quot;1px&quot;}\" ><div\n\t\t\t\n\t\t\tclass=\"so-widget-sow-editor so-widget-sow-editor-base\"\n\t\t\t\n\t\t>\n<div class=\"siteorigin-widget-tinymce textwidget\">\n\t<p>Nous souhaitons inverser cette tendance, et nous engageons pour le bien-\u00eatre mental de vos collaborateurs et collaboratrices. Afin qu&rsquo;ils et elles puissent parler de leurs difficult\u00e9s, se sentent \u00e0 nouveau bien dans leur peau et soient, d\u00e8s lors, plus productifs et positifs au travail. Et ce, dans un environnement s\u00e9curisant qui encourage la connexion, la confiance, la lenteur du rythme et l\u2019\u00e9panouissement, et met l&rsquo;accent sur l&rsquo;humanit\u00e9 et l&rsquo;authenticit\u00e9.<\/p>\n<p>Le V.C.V.H. est une \u00e9quipe de professionnels de l\u2019aide psychosociale qui se tient \u00e0 la disposition des salari\u00e9s et salari\u00e9es, des employeurs et de leurs familles pour leur apporter un soutien psychologique.<\/p>\n<p>Notre objectif est de permettre \u00e0 toutes et tous de b\u00e9n\u00e9ficier d\u2019une aide psychologique de qualit\u00e9.<\/p>\n<\/div>\n<\/div><\/div><\/div><\/div><\/div><\/div><\/div><\/div><\/div><\/div><div id=\"pg-gb371-69f736f7309b5-1\"  class=\"panel-grid panel-has-style\"  data-style=\"{&quot;class&quot;:&quot;rij2_home rij2&quot;,&quot;background_image_attachment&quot;:false,&quot;background_display&quot;:&quot;fixed&quot;,&quot;full_height&quot;:&quot;&quot;,&quot;row_stretch&quot;:&quot;full&quot;,&quot;cell_alignment&quot;:&quot;flex-start&quot;}\" ><div class=\"rij2_home rij2 siteorigin-panels-stretch panel-row-style panel-row-style-for-gb371-69f736f7309b5-1\" data-stretch-type=\"full\" ><div id=\"pgc-gb371-69f736f7309b5-1-0\"  class=\"panel-grid-cell\"  data-weight=\"1\" ><div id=\"panel-gb371-69f736f7309b5-1-0-0\" class=\"so-panel widget widget_siteorigin-panels-builder panel-first-child panel-last-child\" data-index=\"2\" data-style=\"{&quot;class&quot;:&quot;layoutbuilder&quot;,&quot;background_image_attachment&quot;:false,&quot;background_display&quot;:&quot;tile&quot;,&quot;background_image_size&quot;:&quot;full&quot;,&quot;background_image_opacity&quot;:&quot;100&quot;,&quot;border_thickness&quot;:&quot;1px&quot;}\" ><div class=\"layoutbuilder panel-widget-style panel-widget-style-for-gb371-69f736f7309b5-1-0-0\" ><div id=\"pl-w69baf26942e16\"  class=\"panel-layout\" ><div id=\"pg-w69baf26942e16-0\"  class=\"panel-grid panel-no-style\" ><div id=\"pgc-w69baf26942e16-0-0\"  class=\"panel-grid-cell\"  data-weight=\"1\" ><div id=\"panel-w69baf26942e16-0-0-0\" class=\"so-panel widget widget_sow-editor panel-first-child panel-last-child\" data-index=\"0\" data-style=\"{&quot;background_image_attachment&quot;:false,&quot;background_display&quot;:&quot;tile&quot;,&quot;background_image_size&quot;:&quot;full&quot;,&quot;background_image_opacity&quot;:&quot;100&quot;,&quot;border_thickness&quot;:&quot;1px&quot;}\" ><div\n\t\t\t\n\t\t\tclass=\"so-widget-sow-editor so-widget-sow-editor-base\"\n\t\t\t\n\t\t>\n<div class=\"siteorigin-widget-tinymce textwidget\">\n\t<h2 style=\"text-align: center;\">Humanit\u00e9. Authenticit\u00e9. Ralentissement du rythme. Connexion.<\/h2>\n<\/div>\n<\/div><\/div><\/div><\/div><div id=\"pg-w69baf26942e16-1\"  class=\"panel-grid panel-has-style\"  data-style=\"{&quot;row_css&quot;:&quot;margin-top: 50px;&quot;,&quot;background_image_attachment&quot;:false,&quot;background_display&quot;:&quot;tile&quot;,&quot;background_image_size&quot;:&quot;full&quot;,&quot;background_image_opacity&quot;:&quot;100&quot;,&quot;border_thickness&quot;:&quot;1px&quot;,&quot;full_height&quot;:&quot;&quot;,&quot;cell_alignment&quot;:&quot;flex-start&quot;}\" ><div class=\"panel-row-style panel-row-style-for-w69baf26942e16-1\" ><div id=\"pgc-w69baf26942e16-1-0\"  class=\"panel-grid-cell\"  data-weight=\"0.25\" ><div id=\"panel-w69baf26942e16-1-0-0\" class=\"so-panel widget widget_siteorigin-panels-builder panel-first-child panel-last-child\" data-index=\"1\" data-style=\"{&quot;class&quot;:&quot;omschrijving&quot;,&quot;background_image_attachment&quot;:false,&quot;background_display&quot;:&quot;tile&quot;,&quot;background_image_size&quot;:&quot;full&quot;,&quot;background_image_opacity&quot;:&quot;100&quot;,&quot;border_thickness&quot;:&quot;1px&quot;}\" ><div class=\"omschrijving panel-widget-style panel-widget-style-for-w69baf26942e16-1-0-0\" ><div id=\"pl-w69baf26942e2e\"  class=\"panel-layout\" ><div id=\"pg-w69baf26942e2e-0\"  class=\"panel-grid panel-no-style\"  data-style=\"{&quot;background_image_attachment&quot;:false,&quot;background_display&quot;:&quot;tile&quot;,&quot;full_height&quot;:&quot;&quot;,&quot;cell_alignment&quot;:&quot;flex-start&quot;}\" ><div id=\"pgc-w69baf26942e2e-0-0\"  class=\"panel-grid-cell\"  data-weight=\"1\" ><div id=\"panel-w69baf26942e2e-0-0-0\" class=\"so-panel widget widget_sow-editor panel-first-child\" data-index=\"0\" data-style=\"{&quot;background_image_attachment&quot;:false,&quot;background_display&quot;:&quot;tile&quot;,&quot;background_image_size&quot;:&quot;full&quot;,&quot;background_image_opacity&quot;:&quot;100&quot;,&quot;border_thickness&quot;:&quot;1px&quot;}\" ><div\n\t\t\t\n\t\t\tclass=\"so-widget-sow-editor so-widget-sow-editor-base\"\n\t\t\t\n\t\t>\n<div class=\"siteorigin-widget-tinymce textwidget\">\n\t<h3><a href=\"https:\/\/www.vcvh.be\/fr\/nos-services\/communication-dune-mauvaise-nouvelle\/\">Communication d\u2019une mauvaise nouvelle<\/a><\/h3>\n<p>En cas d&rsquo;accident du travail mortel ou engageant le pronostic vital, le V.C.V.H. se charge, au nom de l&#8217;employeur, d&rsquo;informer et accueillir la famille ainsi que les membres du personnel. Nous assurons \u00e9galement un suivi durant les mois qui suivent. Nous aidons l&#8217;employeur \u00e0 organiser une c\u00e9r\u00e9monie d&rsquo;adieu, \u00e0 r\u00e9pondre aux questions administratives de la famille, etc.<\/p>\n<\/div>\n<\/div><\/div><div id=\"panel-w69baf26942e2e-0-0-1\" class=\"so-panel widget widget_sow-editor panel-last-child\" data-index=\"1\" data-style=\"{&quot;class&quot;:&quot;knop&quot;,&quot;background_image_attachment&quot;:false,&quot;background_display&quot;:&quot;tile&quot;,&quot;background_image_size&quot;:&quot;full&quot;,&quot;background_image_opacity&quot;:&quot;100&quot;,&quot;border_thickness&quot;:&quot;1px&quot;}\" ><div class=\"knop panel-widget-style panel-widget-style-for-w69baf26942e2e-0-0-1\" ><div\n\t\t\t\n\t\t\tclass=\"so-widget-sow-editor so-widget-sow-editor-base\"\n\t\t\t\n\t\t>\n<div class=\"siteorigin-widget-tinymce textwidget\">\n\t<p><a href=\"https:\/\/www.vcvh.be\/fr\/nos-services\/communication-dune-mauvaise-nouvelle\/\">En savoir plus sur la communication de mauvaises nouvelles<\/a><\/p>\n<\/div>\n<\/div><\/div><\/div><\/div><\/div><\/div><\/div><\/div><\/div><div id=\"pgc-w69baf26942e16-1-1\"  class=\"panel-grid-cell\"  data-weight=\"0.25\" ><div id=\"panel-w69baf26942e16-1-1-0\" class=\"so-panel widget widget_siteorigin-panels-builder panel-first-child panel-last-child\" data-index=\"2\" data-style=\"{&quot;class&quot;:&quot;omschrijving&quot;,&quot;background_image_attachment&quot;:false,&quot;background_display&quot;:&quot;tile&quot;,&quot;background_image_size&quot;:&quot;full&quot;,&quot;background_image_opacity&quot;:&quot;100&quot;,&quot;border_thickness&quot;:&quot;1px&quot;}\" ><div class=\"omschrijving panel-widget-style panel-widget-style-for-w69baf26942e16-1-1-0\" ><div id=\"pl-w69baf269449f3\"  class=\"panel-layout\" ><div id=\"pg-w69baf269449f3-0\"  class=\"panel-grid panel-no-style\"  data-style=\"{&quot;background_image_attachment&quot;:false,&quot;background_display&quot;:&quot;tile&quot;,&quot;full_height&quot;:&quot;&quot;,&quot;cell_alignment&quot;:&quot;flex-start&quot;}\" ><div id=\"pgc-w69baf269449f3-0-0\"  class=\"panel-grid-cell\"  data-weight=\"1\" ><div id=\"panel-w69baf269449f3-0-0-0\" class=\"so-panel widget widget_sow-editor panel-first-child\" data-index=\"0\" data-style=\"{&quot;background_image_attachment&quot;:false,&quot;background_display&quot;:&quot;tile&quot;,&quot;background_image_size&quot;:&quot;full&quot;,&quot;background_image_opacity&quot;:&quot;100&quot;,&quot;border_thickness&quot;:&quot;1px&quot;}\" ><div\n\t\t\t\n\t\t\tclass=\"so-widget-sow-editor so-widget-sow-editor-base\"\n\t\t\t\n\t\t>\n<div class=\"siteorigin-widget-tinymce textwidget\">\n\t<h3><a href=\"https:\/\/www.vcvh.be\/fr\/nos-services\/soutien-psychologique\/\">Soutien psychologique<\/a><\/h3>\n<p>Les longues listes d&rsquo;attente, la complexit\u00e9 du secteur de l&rsquo;aide psychosociale et des freins divers emp\u00eachent de nombreuses personnes de b\u00e9n\u00e9ficier d&rsquo;un soutien adapt\u00e9. Nous proposons une alternative. Vos collaborateurs et collaboratrices peuvent contacter nos psychologues de fa\u00e7on anonyme, via un num\u00e9ro d\u2019appel central. Le V.C.V.H. propose un soutien pour tout type de probl\u00e8me (de la sph\u00e8re priv\u00e9e) qui entrave le bien-\u00eatre mental. Un parcours d&rsquo;accompagnement peut ensuite \u00eatre mis en place.<\/p>\n<\/div>\n<\/div><\/div><div id=\"panel-w69baf269449f3-0-0-1\" class=\"so-panel widget widget_sow-editor panel-last-child\" data-index=\"1\" data-style=\"{&quot;class&quot;:&quot;knop&quot;,&quot;background_image_attachment&quot;:false,&quot;background_display&quot;:&quot;tile&quot;,&quot;background_image_size&quot;:&quot;full&quot;,&quot;background_image_opacity&quot;:&quot;100&quot;,&quot;border_thickness&quot;:&quot;1px&quot;}\" ><div class=\"knop panel-widget-style panel-widget-style-for-w69baf269449f3-0-0-1\" ><div\n\t\t\t\n\t\t\tclass=\"so-widget-sow-editor so-widget-sow-editor-base\"\n\t\t\t\n\t\t>\n<div class=\"siteorigin-widget-tinymce textwidget\">\n\t<p><a href=\"https:\/\/www.vcvh.be\/fr\/nos-services\/soutien-psychologique\/\">En savoir plus sur le soutien psychologique<\/a><\/p>\n<\/div>\n<\/div><\/div><\/div><\/div><\/div><\/div><\/div><\/div><\/div><div id=\"pgc-w69baf26942e16-1-2\"  class=\"panel-grid-cell\"  data-weight=\"0.25\" ><div id=\"panel-w69baf26942e16-1-2-0\" class=\"so-panel widget widget_siteorigin-panels-builder panel-first-child panel-last-child\" data-index=\"3\" data-style=\"{&quot;class&quot;:&quot;omschrijving&quot;,&quot;background_image_attachment&quot;:false,&quot;background_display&quot;:&quot;tile&quot;,&quot;background_image_size&quot;:&quot;full&quot;,&quot;background_image_opacity&quot;:&quot;100&quot;,&quot;border_thickness&quot;:&quot;1px&quot;}\" ><div class=\"omschrijving panel-widget-style panel-widget-style-for-w69baf26942e16-1-2-0\" ><div id=\"pl-w69baf269450ea\"  class=\"panel-layout\" ><div id=\"pg-w69baf269450ea-0\"  class=\"panel-grid panel-no-style\"  data-style=\"{&quot;background_image_attachment&quot;:false,&quot;background_display&quot;:&quot;tile&quot;,&quot;full_height&quot;:&quot;&quot;,&quot;cell_alignment&quot;:&quot;flex-start&quot;}\" ><div id=\"pgc-w69baf269450ea-0-0\"  class=\"panel-grid-cell\"  data-weight=\"1\" ><div id=\"panel-w69baf269450ea-0-0-0\" class=\"so-panel widget widget_sow-editor panel-first-child\" data-index=\"0\" data-style=\"{&quot;background_image_attachment&quot;:false,&quot;background_display&quot;:&quot;tile&quot;,&quot;background_image_size&quot;:&quot;full&quot;,&quot;background_image_opacity&quot;:&quot;100&quot;,&quot;border_thickness&quot;:&quot;1px&quot;}\" ><div\n\t\t\t\n\t\t\tclass=\"so-widget-sow-editor so-widget-sow-editor-base\"\n\t\t\t\n\t\t>\n<div class=\"siteorigin-widget-tinymce textwidget\">\n\t<h3><a href=\"https:\/\/www.vcvh.be\/fr\/nos-services\/employee-assistance-program-eap\/\">Employee Assistance Program (E.A.P.)<\/a><\/h3>\n<p>Nous \u00e9largissons notre offre et proposons un Employee Assistance Program (EAP), qui permet aux membres du personnel d&rsquo;obtenir \u00e9galement un soutien face \u00e0 des probl\u00e8mes d\u2019ordre priv\u00e9. Ce programme constitue une valeur ajout\u00e9e aux services de votre SEPPT. Pour en savoir plus : \u00e9crivez-nous \u00e0 info@vcvh.be ou via notre formulaire de contact.<\/p>\n<\/div>\n<\/div><\/div><div id=\"panel-w69baf269450ea-0-0-1\" class=\"so-panel widget widget_sow-editor panel-last-child\" data-index=\"1\" data-style=\"{&quot;class&quot;:&quot;knop&quot;,&quot;background_image_attachment&quot;:false,&quot;background_display&quot;:&quot;tile&quot;,&quot;background_image_size&quot;:&quot;full&quot;,&quot;background_image_opacity&quot;:&quot;100&quot;,&quot;border_thickness&quot;:&quot;1px&quot;}\" ><div class=\"knop panel-widget-style panel-widget-style-for-w69baf269450ea-0-0-1\" ><div\n\t\t\t\n\t\t\tclass=\"so-widget-sow-editor so-widget-sow-editor-base\"\n\t\t\t\n\t\t>\n<div class=\"siteorigin-widget-tinymce textwidget\">\n\t<p><a href=\"https:\/\/www.vcvh.be\/fr\/nos-services\/employee-assistance-program-eap\/\">En savoir plus sur l\u2019Employee Assistance Program<\/a><\/p>\n<\/div>\n<\/div><\/div><\/div><\/div><\/div><\/div><\/div><\/div><\/div><div id=\"pgc-w69baf26942e16-1-3\"  class=\"panel-grid-cell\"  data-weight=\"0.25\" ><div id=\"panel-w69baf26942e16-1-3-0\" class=\"so-panel widget widget_siteorigin-panels-builder panel-first-child panel-last-child\" data-index=\"4\" data-style=\"{&quot;class&quot;:&quot;omschrijving&quot;,&quot;background_image_attachment&quot;:false,&quot;background_display&quot;:&quot;tile&quot;,&quot;background_image_size&quot;:&quot;full&quot;,&quot;background_image_opacity&quot;:&quot;100&quot;,&quot;border_thickness&quot;:&quot;1px&quot;}\" ><div class=\"omschrijving panel-widget-style panel-widget-style-for-w69baf26942e16-1-3-0\" ><div id=\"pl-w69baf2694577e\"  class=\"panel-layout\" ><div id=\"pg-w69baf2694577e-0\"  class=\"panel-grid panel-no-style\"  data-style=\"{&quot;background_image_attachment&quot;:false,&quot;background_display&quot;:&quot;tile&quot;,&quot;full_height&quot;:&quot;&quot;,&quot;cell_alignment&quot;:&quot;flex-start&quot;}\" ><div id=\"pgc-w69baf2694577e-0-0\"  class=\"panel-grid-cell\"  data-weight=\"1\" ><div id=\"panel-w69baf2694577e-0-0-0\" class=\"so-panel widget widget_sow-editor panel-first-child\" data-index=\"0\" data-style=\"{&quot;background_image_attachment&quot;:false,&quot;background_display&quot;:&quot;tile&quot;,&quot;background_image_size&quot;:&quot;full&quot;,&quot;background_image_opacity&quot;:&quot;100&quot;,&quot;border_thickness&quot;:&quot;1px&quot;}\" ><div\n\t\t\t\n\t\t\tclass=\"so-widget-sow-editor so-widget-sow-editor-base\"\n\t\t\t\n\t\t>\n<div class=\"siteorigin-widget-tinymce textwidget\">\n\t<h3><a href=\"https:\/\/www.vcvh.be\/fr\/nos-services\/ateliers\/\">Ateliers<\/a><\/h3>\n<p>Dans une approche pr\u00e9ventive, le V.C.V.H. organise des ateliers sur des th\u00e9matiques comme le deuil et la perte, l&rsquo;\u00e9quilibre vie professionnelle-vie priv\u00e9e, la psychologie positive, l\u2019autosoin, la fixation de limites, etc. Ces ateliers sont adapt\u00e9s au public et aux besoins de votre organisation.<\/p>\n<\/div>\n<\/div><\/div><div id=\"panel-w69baf2694577e-0-0-1\" class=\"so-panel widget widget_sow-editor panel-last-child\" data-index=\"1\" data-style=\"{&quot;class&quot;:&quot;knop&quot;,&quot;background_image_attachment&quot;:false,&quot;background_display&quot;:&quot;tile&quot;,&quot;background_image_size&quot;:&quot;full&quot;,&quot;background_image_opacity&quot;:&quot;100&quot;,&quot;border_thickness&quot;:&quot;1px&quot;}\" ><div class=\"knop panel-widget-style panel-widget-style-for-w69baf2694577e-0-0-1\" ><div\n\t\t\t\n\t\t\tclass=\"so-widget-sow-editor so-widget-sow-editor-base\"\n\t\t\t\n\t\t>\n<div class=\"siteorigin-widget-tinymce textwidget\">\n\t<p><a href=\"https:\/\/www.vcvh.be\/fr\/nos-services\/ateliers\/\">En savoir plus sur les ateliers<\/a><\/p>\n<\/div>\n<\/div><\/div><\/div><\/div><\/div><\/div><\/div><\/div><\/div><\/div><\/div><\/div><\/div><\/div><\/div><\/div><\/div><div id=\"pg-gb371-69f736f7309b5-2\"  class=\"panel-grid panel-has-style\"  data-style=\"{&quot;class&quot;:&quot;rij3_home rij3&quot;,&quot;background_image_attachment&quot;:false,&quot;background_display&quot;:&quot;tile&quot;,&quot;full_height&quot;:&quot;&quot;,&quot;cell_alignment&quot;:&quot;flex-start&quot;}\" ><div class=\"rij3_home rij3 panel-row-style panel-row-style-for-gb371-69f736f7309b5-2\" ><div id=\"pgc-gb371-69f736f7309b5-2-0\"  class=\"panel-grid-cell\"  data-weight=\"0.6\" ><div id=\"panel-gb371-69f736f7309b5-2-0-0\" class=\"so-panel widget widget_sow-editor panel-first-child panel-last-child\" data-index=\"3\" data-style=\"{&quot;class&quot;:&quot;knop&quot;,&quot;background_image_attachment&quot;:false,&quot;background_display&quot;:&quot;tile&quot;,&quot;background_image_size&quot;:&quot;full&quot;,&quot;background_image_opacity&quot;:&quot;100&quot;,&quot;border_thickness&quot;:&quot;1px&quot;}\" ><div class=\"knop panel-widget-style panel-widget-style-for-gb371-69f736f7309b5-2-0-0\" ><div\n\t\t\t\n\t\t\tclass=\"so-widget-sow-editor so-widget-sow-editor-base\"\n\t\t\t\n\t\t>\n<div class=\"siteorigin-widget-tinymce textwidget\">\n\t<h2>\u00c0 propos du V.C.V.H.<\/h2>\n<p>Le V.C.V.H. est une \u00e9quipe de psychologues, psychoth\u00e9rapeutes et intervenants psychosociaux exp\u00e9riment\u00e9s, qui poss\u00e8dent une connaissance approfondie de leur domaine. Nous sommes disponibles 24 heures sur 24 et 7 jours sur 7 pour apporter un soutien psychologique aux salari\u00e9s et salari\u00e9es, aux employeurs et \u00e0 leurs familles. Chaque accompagnement est r\u00e9alis\u00e9 sur mesure, adapt\u00e9 aux besoins du public concern\u00e9.<\/p>\n<p><a href=\"https:\/\/www.vcvh.be\/fr\/notre-approche\/\">En savoir plus sur notre approche<\/a><\/p>\n<\/div>\n<\/div><\/div><\/div><\/div><div id=\"pgc-gb371-69f736f7309b5-2-1\"  class=\"panel-grid-cell\"  data-weight=\"0.4\" ><div id=\"panel-gb371-69f736f7309b5-2-1-0\" class=\"so-panel widget widget_sow-image panel-first-child panel-last-child\" data-index=\"4\" data-style=\"{&quot;background_image_attachment&quot;:false,&quot;background_display&quot;:&quot;tile&quot;}\" ><div\n\t\t\t\n\t\t\tclass=\"so-widget-sow-image so-widget-sow-image-default-8b5b6f678277-371\"\n\t\t\t\n\t\t>\n\n<div class=\"sow-image-container\">\n\t\t<img loading=\"lazy\" decoding=\"async\" src=\"https:\/\/www.vcvh.be\/wp-content\/uploads\/2019\/09\/pexels-photo-2147478.jpeg\" width=\"768\" height=\"1024\" srcset=\"https:\/\/www.vcvh.be\/wp-content\/uploads\/2019\/09\/pexels-photo-2147478.jpeg 768w, https:\/\/www.vcvh.be\/wp-content\/uploads\/2019\/09\/pexels-photo-2147478-225x300.jpeg 225w, https:\/\/www.vcvh.be\/wp-content\/uploads\/2019\/09\/pexels-photo-2147478-600x800.jpeg 600w\" sizes=\"(max-width: 768px) 100vw, 768px\" alt=\"De aanpak van VCVH\" \t\tclass=\"so-widget-image\"\/>\n\t<\/div>\n\n<\/div><\/div><\/div><\/div><\/div><\/div>","protected":false},"excerpt":{"rendered":"<p>Le V.C.V.H. concilie les int\u00e9r\u00eats des employeurs et des membres de leur personnel. L\u2019\u00e9quipe de psychologues du V.C.V.H. propose un accompagnement sur mesure et est disponible 24 heures sur 24, 7 jours sur 7. Nous intervenons l\u00e0 o\u00f9 s\u2019arr\u00eatent le r\u00f4le et les missions l\u00e9gales de votre Service externe pour la Pr\u00e9vention et la Protection [&hellip;]<\/p>\n","protected":false},"author":1,"featured_media":0,"parent":0,"menu_order":0,"comment_status":"closed","ping_status":"closed","template":"","meta":{"footnotes":""},"class_list":["post-371","page","type-page","status-publish","hentry"],"yoast_head":"<!-- This site is optimized with the Yoast SEO plugin v23.2 - https:\/\/yoast.com\/wordpress\/plugins\/seo\/ -->\n<title>Accueil - V.C.V.H.<\/title>\n<meta name=\"robots\" content=\"index, follow, max-snippet:-1, max-image-preview:large, max-video-preview:-1\" \/>\n<link rel=\"canonical\" href=\"https:\/\/www.vcvh.be\/fr\/\" \/>\n<meta property=\"og:locale\" content=\"fr_FR\" \/>\n<meta property=\"og:type\" content=\"article\" \/>\n<meta property=\"og:title\" content=\"Accueil - V.C.V.H.\" \/>\n<meta property=\"og:description\" content=\"Le V.C.V.H. concilie les int\u00e9r\u00eats des employeurs et des membres de leur personnel. L\u2019\u00e9quipe de psychologues du V.C.V.H. propose un accompagnement sur mesure et est disponible 24 heures sur 24, 7 jours sur 7. Nous intervenons l\u00e0 o\u00f9 s\u2019arr\u00eatent le r\u00f4le et les missions l\u00e9gales de votre Service externe pour la Pr\u00e9vention et la Protection [&hellip;]\" \/>\n<meta property=\"og:url\" content=\"https:\/\/www.vcvh.be\/fr\/\" \/>\n<meta property=\"og:site_name\" content=\"V.C.V.H.\" \/>\n<meta property=\"article:modified_time\" content=\"2026-03-18T18:43:57+00:00\" \/>\n<meta name=\"twitter:card\" content=\"summary_large_image\" \/>\n<meta name=\"twitter:label1\" content=\"Dur\u00e9e de lecture estim\u00e9e\" \/>\n\t<meta name=\"twitter:data1\" content=\"3 minutes\" \/>\n<script type=\"application\/ld+json\" class=\"yoast-schema-graph\">{\"@context\":\"https:\/\/schema.org\",\"@graph\":[{\"@type\":\"WebPage\",\"@id\":\"https:\/\/www.vcvh.be\/fr\/\",\"url\":\"https:\/\/www.vcvh.be\/fr\/\",\"name\":\"Accueil - V.C.V.H.\",\"isPartOf\":{\"@id\":\"https:\/\/www.vcvh.be\/fr\/#website\"},\"datePublished\":\"2019-01-08T14:31:01+00:00\",\"dateModified\":\"2026-03-18T18:43:57+00:00\",\"breadcrumb\":{\"@id\":\"https:\/\/www.vcvh.be\/fr\/#breadcrumb\"},\"inLanguage\":\"fr-FR\",\"potentialAction\":[{\"@type\":\"ReadAction\",\"target\":[\"https:\/\/www.vcvh.be\/fr\/\"]}]},{\"@type\":\"BreadcrumbList\",\"@id\":\"https:\/\/www.vcvh.be\/fr\/#breadcrumb\",\"itemListElement\":[{\"@type\":\"ListItem\",\"position\":1,\"name\":\"Home\",\"item\":\"https:\/\/www.vcvh.be\/fr\/\"},{\"@type\":\"ListItem\",\"position\":2,\"name\":\"Accueil\"}]},{\"@type\":\"WebSite\",\"@id\":\"https:\/\/www.vcvh.be\/fr\/#website\",\"url\":\"https:\/\/www.vcvh.be\/fr\/\",\"name\":\"V.C.V.H.\",\"description\":\"\",\"potentialAction\":[{\"@type\":\"SearchAction\",\"target\":{\"@type\":\"EntryPoint\",\"urlTemplate\":\"https:\/\/www.vcvh.be\/fr\/?s={search_term_string}\"},\"query-input\":\"required name=search_term_string\"}],\"inLanguage\":\"fr-FR\"}]}<\/script>\n<!-- \/ Yoast SEO plugin. -->","yoast_head_json":{"title":"Accueil - V.C.V.H.","robots":{"index":"index","follow":"follow","max-snippet":"max-snippet:-1","max-image-preview":"max-image-preview:large","max-video-preview":"max-video-preview:-1"},"canonical":"https:\/\/www.vcvh.be\/fr\/","og_locale":"fr_FR","og_type":"article","og_title":"Accueil - V.C.V.H.","og_description":"Le V.C.V.H. concilie les int\u00e9r\u00eats des employeurs et des membres de leur personnel. L\u2019\u00e9quipe de psychologues du V.C.V.H. propose un accompagnement sur mesure et est disponible 24 heures sur 24, 7 jours sur 7. Nous intervenons l\u00e0 o\u00f9 s\u2019arr\u00eatent le r\u00f4le et les missions l\u00e9gales de votre Service externe pour la Pr\u00e9vention et la Protection [&hellip;]","og_url":"https:\/\/www.vcvh.be\/fr\/","og_site_name":"V.C.V.H.","article_modified_time":"2026-03-18T18:43:57+00:00","twitter_card":"summary_large_image","twitter_misc":{"Dur\u00e9e de lecture estim\u00e9e":"3 minutes"},"schema":{"@context":"https:\/\/schema.org","@graph":[{"@type":"WebPage","@id":"https:\/\/www.vcvh.be\/fr\/","url":"https:\/\/www.vcvh.be\/fr\/","name":"Accueil - V.C.V.H.","isPartOf":{"@id":"https:\/\/www.vcvh.be\/fr\/#website"},"datePublished":"2019-01-08T14:31:01+00:00","dateModified":"2026-03-18T18:43:57+00:00","breadcrumb":{"@id":"https:\/\/www.vcvh.be\/fr\/#breadcrumb"},"inLanguage":"fr-FR","potentialAction":[{"@type":"ReadAction","target":["https:\/\/www.vcvh.be\/fr\/"]}]},{"@type":"BreadcrumbList","@id":"https:\/\/www.vcvh.be\/fr\/#breadcrumb","itemListElement":[{"@type":"ListItem","position":1,"name":"Home","item":"https:\/\/www.vcvh.be\/fr\/"},{"@type":"ListItem","position":2,"name":"Accueil"}]},{"@type":"WebSite","@id":"https:\/\/www.vcvh.be\/fr\/#website","url":"https:\/\/www.vcvh.be\/fr\/","name":"V.C.V.H.","description":"","potentialAction":[{"@type":"SearchAction","target":{"@type":"EntryPoint","urlTemplate":"https:\/\/www.vcvh.be\/fr\/?s={search_term_string}"},"query-input":"required name=search_term_string"}],"inLanguage":"fr-FR"}]}},"_links":{"self":[{"href":"https:\/\/www.vcvh.be\/fr\/wp-json\/wp\/v2\/pages\/371"}],"collection":[{"href":"https:\/\/www.vcvh.be\/fr\/wp-json\/wp\/v2\/pages"}],"about":[{"href":"https:\/\/www.vcvh.be\/fr\/wp-json\/wp\/v2\/types\/page"}],"author":[{"embeddable":true,"href":"https:\/\/www.vcvh.be\/fr\/wp-json\/wp\/v2\/users\/1"}],"replies":[{"embeddable":true,"href":"https:\/\/www.vcvh.be\/fr\/wp-json\/wp\/v2\/comments?post=371"}],"version-history":[{"count":9,"href":"https:\/\/www.vcvh.be\/fr\/wp-json\/wp\/v2\/pages\/371\/revisions"}],"predecessor-version":[{"id":421,"href":"https:\/\/www.vcvh.be\/fr\/wp-json\/wp\/v2\/pages\/371\/revisions\/421"}],"wp:attachment":[{"href":"https:\/\/www.vcvh.be\/fr\/wp-json\/wp\/v2\/media?parent=371"}],"curies":[{"name":"wp","href":"https:\/\/api.w.org\/{rel}","templated":true}]}}